{"id":5942,"date":"2024-04-04T21:04:38","date_gmt":"2024-04-04T19:04:38","guid":{"rendered":"https:\/\/btec.cat\/organos-de-gobierno\/"},"modified":"2026-01-21T14:01:38","modified_gmt":"2026-01-21T13:01:38","slug":"organos-de-gobierno","status":"publish","type":"page","link":"https:\/\/btec.cat\/es\/la-fundacion-b_tec\/organos-de-gobierno\/","title":{"rendered":"\u00d3rganos de gobierno"},"content":{"rendered":"\t\t<div data-elementor-type=\"wp-page\" data-elementor-id=\"5942\" class=\"elementor elementor-5942 elementor-4731\" data-elementor-post-type=\"page\">\n\t\t\t\t\t\t<section class=\"elementor-section elementor-top-section elementor-element elementor-element-a6b0660 elementor-section-boxed elementor-section-height-default elementor-section-height-default\" data-id=\"a6b0660\" data-element_type=\"section\">\n\t\t\t\t\t\t<div class=\"elementor-container elementor-column-gap-no\">\n\t\t\t\t\t<div class=\"elementor-column elementor-col-50 elementor-top-column elementor-element elementor-element-44f8cc1\" data-id=\"44f8cc1\" data-element_type=\"column\">\n\t\t\t<div class=\"elementor-widget-wrap elementor-element-populated\">\n\t\t\t\t\t\t<div class=\"elementor-element elementor-element-5b91c57 elementor-widget elementor-widget-text-editor\" data-id=\"5b91c57\" data-element_type=\"widget\" data-widget_type=\"text-editor.default\">\n\t\t\t\t<div class=\"elementor-widget-container\">\n\t\t\t\t\t\t\t\t\t<p>La gobernabilidad de la Fundaci\u00f3n b_TEC Campus Diagonal-Bes\u00f2s queda garantizada mediante las funciones de gobierno, direcci\u00f3n, gesti\u00f3n, administraci\u00f3n y representaci\u00f3n institucional, y corresponden a los siguientes \u00f3rganos de acuerdo con el reparto de competencias que se establece en estos estatutos:<\/p><ol><li>El patronato<\/li><li>El\/lapresidente\/a<\/li><li>La comisi\u00f3n delegada<\/li><li>El\/la director\/a general<\/li><\/ol>\t\t\t\t\t\t\t\t<\/div>\n\t\t\t\t<\/div>\n\t\t\t\t<div class=\"elementor-element elementor-element-a09b370 elementor-widget elementor-widget-spacer\" data-id=\"a09b370\" data-element_type=\"widget\" data-widget_type=\"spacer.default\">\n\t\t\t\t<div class=\"elementor-widget-container\">\n\t\t\t\t\t\t\t<div class=\"elementor-spacer\">\n\t\t\t<div class=\"elementor-spacer-inner\"><\/div>\n\t\t<\/div>\n\t\t\t\t\t\t<\/div>\n\t\t\t\t<\/div>\n\t\t\t\t<div class=\"elementor-element elementor-element-4f97107 elementor-widget elementor-widget-heading\" data-id=\"4f97107\" data-element_type=\"widget\" data-widget_type=\"heading.default\">\n\t\t\t\t<div class=\"elementor-widget-container\">\n\t\t\t\t\t<h2 class=\"elementor-heading-title elementor-size-default\">El patronato<\/h2>\t\t\t\t<\/div>\n\t\t\t\t<\/div>\n\t\t\t\t<div class=\"elementor-element elementor-element-e89abf9 elementor-widget elementor-widget-spacer\" data-id=\"e89abf9\" data-element_type=\"widget\" data-widget_type=\"spacer.default\">\n\t\t\t\t<div class=\"elementor-widget-container\">\n\t\t\t\t\t\t\t<div class=\"elementor-spacer\">\n\t\t\t<div class=\"elementor-spacer-inner\"><\/div>\n\t\t<\/div>\n\t\t\t\t\t\t<\/div>\n\t\t\t\t<\/div>\n\t\t\t\t<div class=\"elementor-element elementor-element-ab5e0f4 elementor-widget elementor-widget-text-editor\" data-id=\"ab5e0f4\" data-element_type=\"widget\" data-widget_type=\"text-editor.default\">\n\t\t\t\t<div class=\"elementor-widget-container\">\n\t\t\t\t\t\t\t\t\tGobierno y representaci\u00f3n de la Fundaci\u00f3n b_TEC Campus Diagonal-Bes\u00f2s\r\n<ul>\r\n \t<li>La representaci\u00f3n y el gobierno de la Fundaci\u00f3n b_TEC Campus Diagonal-Bes\u00f2s corresponden al patronato, que tiene las facultades m\u00e1s amplias de administraci\u00f3n, gesti\u00f3n, disposici\u00f3n y gravamen de los bienes de la Fundaci\u00f3n sin otras limitaciones que las resultantes de la normativa en la materia.<\/li>\r\n<\/ul>\r\n&nbsp;\r\n<ul>\r\n \t<li>Los miembros del patronato est\u00e1n obligados a que se cumplan las finalidades fundacionales de acuerdo con lo dispuesto en estos estatutos y en conservar los bienes y derechos que integran su patrimonio.<\/li>\r\n<\/ul>\r\n&nbsp;\r\n<ul>\r\n \t<li>El patronato nombrar\u00e1 a una comisi\u00f3n delegada, que tendr\u00e1 las facultades y funciones que se le deleguen. El Presidente de la comisi\u00f3n delegada ser\u00e1 designado por el Patronato entre los miembros de esta comisi\u00f3n.<\/li>\r\n<\/ul>\t\t\t\t\t\t\t\t<\/div>\n\t\t\t\t<\/div>\n\t\t\t\t<div class=\"elementor-element elementor-element-41c93e8 elementor-widget elementor-widget-spacer\" data-id=\"41c93e8\" data-element_type=\"widget\" data-widget_type=\"spacer.default\">\n\t\t\t\t<div class=\"elementor-widget-container\">\n\t\t\t\t\t\t\t<div class=\"elementor-spacer\">\n\t\t\t<div class=\"elementor-spacer-inner\"><\/div>\n\t\t<\/div>\n\t\t\t\t\t\t<\/div>\n\t\t\t\t<\/div>\n\t\t\t\t<div class=\"elementor-element elementor-element-1fd1412 elementor-widget elementor-widget-heading\" data-id=\"1fd1412\" data-element_type=\"widget\" data-widget_type=\"heading.default\">\n\t\t\t\t<div class=\"elementor-widget-container\">\n\t\t\t\t\t<h2 class=\"elementor-heading-title elementor-size-default\">Composici\u00f3n del patronato  (6\/10\/25)<\/h2>\t\t\t\t<\/div>\n\t\t\t\t<\/div>\n\t\t\t\t<div class=\"elementor-element elementor-element-816522e elementor-widget elementor-widget-spacer\" data-id=\"816522e\" data-element_type=\"widget\" data-widget_type=\"spacer.default\">\n\t\t\t\t<div class=\"elementor-widget-container\">\n\t\t\t\t\t\t\t<div class=\"elementor-spacer\">\n\t\t\t<div class=\"elementor-spacer-inner\"><\/div>\n\t\t<\/div>\n\t\t\t\t\t\t<\/div>\n\t\t\t\t<\/div>\n\t\t\t\t<div class=\"elementor-element elementor-element-a705fcf elementor-widget elementor-widget-text-editor\" data-id=\"a705fcf\" data-element_type=\"widget\" data-widget_type=\"text-editor.default\">\n\t\t\t\t<div class=\"elementor-widget-container\">\n\t\t\t\t\t\t\t\t\t<p><strong>Universitat Polit\u00e8cnica de Catalunya:<\/strong><\/p><p><a href=\"https:\/\/btec.cat\/wp-content\/uploads\/2025\/07\/UPC_Francesc_Torres_2025.pdf\" target=\"_blank\" rel=\"noopener\">Francesc Torres Torres<\/a> (Presidente)<\/p><p><a href=\"https:\/\/btec.cat\/wp-content\/uploads\/2024\/05\/UPC_Montserrat_Guardia.pdf\" target=\"_blank\" rel=\"noopener\">Montserrat Gu\u00e0rdia G\u00fcell<\/a><\/p><p><a href=\"https:\/\/btec.cat\/wp-content\/uploads\/2025\/07\/UPC_PedroDiez.pdf\" target=\"_blank\" rel=\"noopener\">Pedro D\u00edez Mej\u00eda<\/a><\/p><p><a href=\"https:\/\/btec.cat\/wp-content\/uploads\/2025\/07\/UPC_Francisco_Javier_Navallas_Ramos.pdf\" target=\"_blank\" rel=\"noopener\">Paco Navallas Ramos<\/a><\/p><p><a href=\"https:\/\/btec.cat\/wp-content\/uploads\/2025\/07\/UPC_XavierGilMur.pdf\" target=\"_blank\" rel=\"noopener\">Javier Gil Mur<\/a><\/p><p><strong>Generalitat de Catalunya:<\/strong><\/p><p><a href=\"https:\/\/btec.cat\/wp-content\/uploads\/2025\/10\/CV-TERESA-SANCHIS.pdf\" target=\"_blank\" rel=\"noopener\">Teresa Sanch\u00eds Estruch<\/a><\/p><p><a href=\"https:\/\/btec.cat\/wp-content\/uploads\/2025\/07\/GeneralitatdeCatalunya_PilarDiaz.pdf\" target=\"_blank\" rel=\"noopener\">Pilar D\u00edaz Romero<\/a><\/p><p><a href=\"https:\/\/btec.cat\/wp-content\/uploads\/2025\/06\/CV_Xavier_Roca_Generalitat_2025.pdf\" target=\"_blank\" rel=\"noopener\">Xavier Roca Ramon<\/a><\/p><p><a href=\"https:\/\/btec.cat\/wp-content\/uploads\/2025\/07\/GeneralitatdeCatalunya_ElisabetCirici.pdf\" target=\"_blank\" rel=\"noopener\">Elisabet Cirici Amell<\/a><\/p><p><strong>Consorci del Campus Diagonal-Bes\u00f2s:<\/strong><\/p><p><a href=\"https:\/\/btec.cat\/wp-content\/uploads\/2024\/05\/AJB_Laia-Bonet-Rull.pdf\" target=\"_blank\" rel=\"noopener\">Laia Bonet Rull<\/a><\/p><p><a href=\"https:\/\/btec.cat\/wp-content\/uploads\/2024\/05\/AJSTAD1.pdf\" target=\"_blank\" rel=\"noopener\">Filomena Ca\u00f1ete Carrillo<\/a><\/p><p><a href=\"https:\/\/btec.cat\/wp-content\/uploads\/2024\/05\/AJB_David-Escude-Rodriguez.pdf\" target=\"_blank\" rel=\"noopener\">David Escud\u00e9 Rodr\u00edguez<\/a><\/p>\t\t\t\t\t\t\t\t<\/div>\n\t\t\t\t<\/div>\n\t\t\t\t<div class=\"elementor-element elementor-element-b14b7b1 elementor-widget elementor-widget-spacer\" data-id=\"b14b7b1\" data-element_type=\"widget\" data-widget_type=\"spacer.default\">\n\t\t\t\t<div class=\"elementor-widget-container\">\n\t\t\t\t\t\t\t<div class=\"elementor-spacer\">\n\t\t\t<div class=\"elementor-spacer-inner\"><\/div>\n\t\t<\/div>\n\t\t\t\t\t\t<\/div>\n\t\t\t\t<\/div>\n\t\t\t\t<div class=\"elementor-element elementor-element-dc1f0fd elementor-widget elementor-widget-heading\" data-id=\"dc1f0fd\" data-element_type=\"widget\" data-widget_type=\"heading.default\">\n\t\t\t\t<div class=\"elementor-widget-container\">\n\t\t\t\t\t<h2 class=\"elementor-heading-title elementor-size-default\">El\/la presidente\/a del patronato<\/h2>\t\t\t\t<\/div>\n\t\t\t\t<\/div>\n\t\t\t\t<div class=\"elementor-element elementor-element-10e9fcb elementor-widget elementor-widget-spacer\" data-id=\"10e9fcb\" data-element_type=\"widget\" data-widget_type=\"spacer.default\">\n\t\t\t\t<div class=\"elementor-widget-container\">\n\t\t\t\t\t\t\t<div class=\"elementor-spacer\">\n\t\t\t<div class=\"elementor-spacer-inner\"><\/div>\n\t\t<\/div>\n\t\t\t\t\t\t<\/div>\n\t\t\t\t<\/div>\n\t\t\t\t<div class=\"elementor-element elementor-element-844fd0d elementor-widget elementor-widget-text-editor\" data-id=\"844fd0d\" data-element_type=\"widget\" data-widget_type=\"text-editor.default\">\n\t\t\t\t<div class=\"elementor-widget-container\">\n\t\t\t\t\t\t\t\t\t<p>Funciones y atribuciones<\/p><p>El\/la presidente\/a del patronato representa a la Fundaci\u00f3n en juicio y fuera del mismo, sin perjuicio de que pueda delegar su representaci\u00f3n en uno o m\u00e1s miembros del patronal, y al director general.<\/p><p>Las atribuciones del presidente\/a del patronato son las siguientes:<\/p><ul><li>Todas las facultades del patronato, salvo las no delegables, siempre que no hayan sido delegadas en otro \u00f3rgano. Estas facultades se ejercer\u00e1n de conformidad y con las limitaciones que establezcan las normas vigentes que se apliquen, especialmente la ley 4\/2008, de 24 de abril, del libro tercero del C\u00f3digo civil de Catalu\u00f1a.<\/li><li>Convocar y presidir las sesiones del Patronato.<\/li><li>Llevar la firma oficial de la Fundaci\u00f3n, que podr\u00e1 delegar en el director general. Esta atribuci\u00f3n se entiende sin perjuicio de la facultad de los dem\u00e1s \u00f3rganos y cargos de la Fundaci\u00f3n para firmar los actos que cada uno de ellos dicte en el \u00e1mbito de sus correspondientes atribuciones y competencias, as\u00ed como sin perjuicio de la facultad fedataria del secretario del patronato.<\/li><li>Cumplir y hacer cumplir los acuerdos del Patronato.<\/li><\/ul>\t\t\t\t\t\t\t\t<\/div>\n\t\t\t\t<\/div>\n\t\t\t\t<div class=\"elementor-element elementor-element-4a2c820 elementor-widget elementor-widget-spacer\" data-id=\"4a2c820\" data-element_type=\"widget\" data-widget_type=\"spacer.default\">\n\t\t\t\t<div class=\"elementor-widget-container\">\n\t\t\t\t\t\t\t<div class=\"elementor-spacer\">\n\t\t\t<div class=\"elementor-spacer-inner\"><\/div>\n\t\t<\/div>\n\t\t\t\t\t\t<\/div>\n\t\t\t\t<\/div>\n\t\t\t\t<div class=\"elementor-element elementor-element-1973657 elementor-widget elementor-widget-heading\" data-id=\"1973657\" data-element_type=\"widget\" data-widget_type=\"heading.default\">\n\t\t\t\t<div class=\"elementor-widget-container\">\n\t\t\t\t\t<h2 class=\"elementor-heading-title elementor-size-default\">La comisi\u00f3n delegada<\/h2>\t\t\t\t<\/div>\n\t\t\t\t<\/div>\n\t\t\t\t<div class=\"elementor-element elementor-element-19f6f1a elementor-widget elementor-widget-spacer\" data-id=\"19f6f1a\" data-element_type=\"widget\" data-widget_type=\"spacer.default\">\n\t\t\t\t<div class=\"elementor-widget-container\">\n\t\t\t\t\t\t\t<div class=\"elementor-spacer\">\n\t\t\t<div class=\"elementor-spacer-inner\"><\/div>\n\t\t<\/div>\n\t\t\t\t\t\t<\/div>\n\t\t\t\t<\/div>\n\t\t\t\t<div class=\"elementor-element elementor-element-624af44 elementor-widget elementor-widget-text-editor\" data-id=\"624af44\" data-element_type=\"widget\" data-widget_type=\"text-editor.default\">\n\t\t\t\t<div class=\"elementor-widget-container\">\n\t\t\t\t\t\t\t\t\t<p><strong>Composici\u00f3n<\/strong><\/p>\n<p>La comisi\u00f3n delegada estar\u00e1 integrada como m\u00ednimo por un patr\u00f3n designado por la UPC, un patr\u00f3n designado por la Administraci\u00f3n de la Generalitat de Catalunya y un patr\u00f3n designado por el CCDB. El secretario del patronato tambi\u00e9n lo ser\u00e1 de la comisi\u00f3n delegada.<\/p>\n<p>El director general de la fundaci\u00f3n asistir\u00e1 a las reuniones de la comisi\u00f3n delegada con voz pero sin voto.<\/p>\n<p><strong>Funciones<\/strong><\/p>\n<p>Corresponden a la comisi\u00f3n delegada todas aquellas funciones delegables que le sean asignadas por el Patronato de la Fundaci\u00f3n.<\/p>\n\t\t\t\t\t\t\t\t<\/div>\n\t\t\t\t<\/div>\n\t\t\t\t<div class=\"elementor-element elementor-element-fbd7825 elementor-widget elementor-widget-spacer\" data-id=\"fbd7825\" data-element_type=\"widget\" data-widget_type=\"spacer.default\">\n\t\t\t\t<div class=\"elementor-widget-container\">\n\t\t\t\t\t\t\t<div class=\"elementor-spacer\">\n\t\t\t<div class=\"elementor-spacer-inner\"><\/div>\n\t\t<\/div>\n\t\t\t\t\t\t<\/div>\n\t\t\t\t<\/div>\n\t\t\t\t<div class=\"elementor-element elementor-element-bc3532f elementor-widget elementor-widget-heading\" data-id=\"bc3532f\" data-element_type=\"widget\" data-widget_type=\"heading.default\">\n\t\t\t\t<div class=\"elementor-widget-container\">\n\t\t\t\t\t<h2 class=\"elementor-heading-title elementor-size-default\">El\/la director\/a general<\/h2>\t\t\t\t<\/div>\n\t\t\t\t<\/div>\n\t\t\t\t<div class=\"elementor-element elementor-element-8a07580 elementor-widget elementor-widget-spacer\" data-id=\"8a07580\" data-element_type=\"widget\" data-widget_type=\"spacer.default\">\n\t\t\t\t<div class=\"elementor-widget-container\">\n\t\t\t\t\t\t\t<div class=\"elementor-spacer\">\n\t\t\t<div class=\"elementor-spacer-inner\"><\/div>\n\t\t<\/div>\n\t\t\t\t\t\t<\/div>\n\t\t\t\t<\/div>\n\t\t\t\t<div class=\"elementor-element elementor-element-5932038 elementor-widget elementor-widget-text-editor\" data-id=\"5932038\" data-element_type=\"widget\" data-widget_type=\"text-editor.default\">\n\t\t\t\t<div class=\"elementor-widget-container\">\n\t\t\t\t\t\t\t\t\t<p>El\/la director\/a general, que no es miembro del patronato, es nombrado\/a por el patronato a propuesta del presidente.<\/p><p>El\/la director\/a general tendr\u00e1 las siguientes funciones:<\/p><ul><li>Dirigir, organizar, gestionar y ejecutar las actividades de la Fundaci\u00f3n en relaci\u00f3n con el Campus Diagonal-Bes\u00f2s.<\/li><li>Proponer al patronato el programa de actividades, l\u00edneas de investigaci\u00f3n, coste y fuentes de financiaci\u00f3n.<\/li><li>Proponer al patronato el presupuesto anual de la fundaci\u00f3n.<\/li><li>Coordinar las actuaciones encaminadas a la obtenci\u00f3n de los recursos necesarios para que puedan llevarse a cabo los objetivos de la Fundaci\u00f3n.<\/li><li>Informar y rendir cuentas al patronato del desarrollo de las actividades y programas de investigaci\u00f3n de la Fundaci\u00f3n y ejercer las funciones que le sean encomendadas o delegadas por \u00e9ste.<\/li><li>Dirigir, de acuerdo a las directrices marcadas por el patronato, la gesti\u00f3n econ\u00f3mica, contable y funcionamiento ordinario de la Fundaci\u00f3n.<\/li><li>Gestionar los recursos humanos de la fundaci\u00f3n, la contrataci\u00f3n de personal, incidencias, separaci\u00f3n y rescisi\u00f3n de los contratos laborales y de prestaci\u00f3n de servicios; as\u00ed como la gesti\u00f3n de las becas y ayudas.<\/li><li>Proponer los servicios necesarios para que la Fundaci\u00f3n desarrolle las actividades y funciones que le corresponden.<\/li><li>Proponer al Patronato las normas de r\u00e9gimen interno.<\/li><li>Formalizar los convenios de colaboraci\u00f3n con instituciones p\u00fablicas y privadas.<\/li><li>Cualesquiera otras funciones que le sean expresamente encomendadas o delegadas por el Patronato, en los t\u00e9rminos previstos en estos Estatutos.<\/li><\/ul><p>El\/la director\/a general contar\u00e1 con la oportuna escritura de otorgamiento de poderes que legitime sus actuaciones con terceros.<\/p>\t\t\t\t\t\t\t\t<\/div>\n\t\t\t\t<\/div>\n\t\t\t\t\t<\/div>\n\t\t<\/div>\n\t\t\t\t<div class=\"elementor-column elementor-col-50 elementor-top-column elementor-element elementor-element-020e27c\" data-id=\"020e27c\" data-element_type=\"column\">\n\t\t\t<div class=\"elementor-widget-wrap elementor-element-populated\">\n\t\t\t\t\t\t<div class=\"elementor-element elementor-element-d375848 elementor-widget elementor-widget-template\" data-id=\"d375848\" data-element_type=\"widget\" data-widget_type=\"template.default\">\n\t\t\t\t<div class=\"elementor-widget-container\">\n\t\t\t\t\t\t\t<div class=\"elementor-template\">\n\t\t\t\t\t<div data-elementor-type=\"page\" data-elementor-id=\"6378\" class=\"elementor elementor-6378 elementor-5142\" data-elementor-post-type=\"elementor_library\">\n\t\t\t\t\t\t<section class=\"elementor-section elementor-top-section elementor-element elementor-element-74034a59 elementor-section-boxed elementor-section-height-default elementor-section-height-default\" data-id=\"74034a59\" data-element_type=\"section\">\n\t\t\t\t\t\t<div class=\"elementor-container elementor-column-gap-no\">\n\t\t\t\t\t<div class=\"elementor-column elementor-col-100 elementor-top-column elementor-element elementor-element-4e5152cc\" data-id=\"4e5152cc\" data-element_type=\"column\">\n\t\t\t<div class=\"elementor-widget-wrap elementor-element-populated\">\n\t\t\t\t\t\t<div class=\"elementor-element elementor-element-5bb625a0 elementor-widget__width-initial elementor-widget elementor-widget-heading\" data-id=\"5bb625a0\" data-element_type=\"widget\" data-widget_type=\"heading.default\">\n\t\t\t\t<div class=\"elementor-widget-container\">\n\t\t\t\t\t<div class=\"elementor-heading-title elementor-size-default\">La Fundaci\u00f3n b_TEC<\/div>\t\t\t\t<\/div>\n\t\t\t\t<\/div>\n\t\t\t\t<div class=\"elementor-element elementor-element-1d2220bd elementor-widget elementor-widget-spacer\" data-id=\"1d2220bd\" data-element_type=\"widget\" data-widget_type=\"spacer.default\">\n\t\t\t\t<div class=\"elementor-widget-container\">\n\t\t\t\t\t\t\t<div class=\"elementor-spacer\">\n\t\t\t<div class=\"elementor-spacer-inner\"><\/div>\n\t\t<\/div>\n\t\t\t\t\t\t<\/div>\n\t\t\t\t<\/div>\n\t\t\t\t<div class=\"elementor-element elementor-element-1e20fed dt-nav-menu_align-left dt-sub-menu_align-left elementor-widget elementor-widget-the7_nav-menu\" data-id=\"1e20fed\" data-element_type=\"widget\" data-settings=\"{&quot;submenu_display&quot;:&quot;on_click&quot;}\" data-widget_type=\"the7_nav-menu.default\">\n\t\t\t\t<div class=\"elementor-widget-container\">\n\t\t\t\t\t<nav class=\"dt-nav-menu--main dt-nav-menu__container dt-sub-menu-display-on_click dt-icon-align-with_text dt-icon-position-right dt-sub-icon-position-right dt-sub-icon-align-with_text\"><ul class=\"dt-nav-menu\"><li class=\"menu-item menu-item-type-post_type menu-item-object-page menu-item-5141 first depth-0\"><a href='https:\/\/btec.cat\/la-fundacio-b_tec\/organs-del-govern\/' data-level='1'><span class=\"item-content\"><span class=\"menu-item-text\"><span class=\"menu-text\">\u00d3rganos de gobierno<\/span><\/span><\/span><span class=\"right next-level-button\" data-icon = \"fas fa-caret-down\"><svg aria-hidden=\"true\" class=\"open-button e-font-icon-svg e-fas-caret-right\" viewBox=\"0 0 192 512\" xmlns=\"http:\/\/www.w3.org\/2000\/svg\"><path d=\"M0 384.662V127.338c0-17.818 21.543-26.741 34.142-14.142l128.662 128.662c7.81 7.81 7.81 20.474 0 28.284L34.142 398.804C21.543 411.404 0 402.48 0 384.662z\"><\/path><\/svg> <svg aria-hidden=\"true\" class=\"icon-active e-font-icon-svg e-fas-caret-down\" viewBox=\"0 0 320 512\" xmlns=\"http:\/\/www.w3.org\/2000\/svg\"><path d=\"M31.3 192h257.3c17.8 0 26.7 21.5 14.1 34.1L174.1 354.8c-7.8 7.8-20.5 7.8-28.3 0L17.2 226.1C4.6 213.5 13.5 192 31.3 192z\"><\/path><\/svg><\/span><\/a><\/li> <li class=\"menu-item menu-item-type-post_type menu-item-object-page menu-item-5139 depth-0\"><a href='https:\/\/btec.cat\/la-fundacio-b_tec\/estatuts\/' data-level='1'><span class=\"item-content\"><span class=\"menu-item-text\"><span class=\"menu-text\">Estatutos<\/span><\/span><\/span><span class=\"right next-level-button\" data-icon = \"fas fa-caret-down\"><svg aria-hidden=\"true\" class=\"open-button e-font-icon-svg e-fas-caret-right\" viewBox=\"0 0 192 512\" xmlns=\"http:\/\/www.w3.org\/2000\/svg\"><path d=\"M0 384.662V127.338c0-17.818 21.543-26.741 34.142-14.142l128.662 128.662c7.81 7.81 7.81 20.474 0 28.284L34.142 398.804C21.543 411.404 0 402.48 0 384.662z\"><\/path><\/svg> <svg aria-hidden=\"true\" class=\"icon-active e-font-icon-svg e-fas-caret-down\" viewBox=\"0 0 320 512\" xmlns=\"http:\/\/www.w3.org\/2000\/svg\"><path d=\"M31.3 192h257.3c17.8 0 26.7 21.5 14.1 34.1L174.1 354.8c-7.8 7.8-20.5 7.8-28.3 0L17.2 226.1C4.6 213.5 13.5 192 31.3 192z\"><\/path><\/svg><\/span><\/a><\/li> <li class=\"menu-item menu-item-type-post_type menu-item-object-page menu-item-5138 depth-0\"><a href='https:\/\/btec.cat\/la-fundacio-b_tec\/equip\/' data-level='1'><span class=\"item-content\"><span class=\"menu-item-text\"><span class=\"menu-text\">Equipo<\/span><\/span><\/span><span class=\"right next-level-button\" data-icon = \"fas fa-caret-down\"><svg aria-hidden=\"true\" class=\"open-button e-font-icon-svg e-fas-caret-right\" viewBox=\"0 0 192 512\" xmlns=\"http:\/\/www.w3.org\/2000\/svg\"><path d=\"M0 384.662V127.338c0-17.818 21.543-26.741 34.142-14.142l128.662 128.662c7.81 7.81 7.81 20.474 0 28.284L34.142 398.804C21.543 411.404 0 402.48 0 384.662z\"><\/path><\/svg> <svg aria-hidden=\"true\" class=\"icon-active e-font-icon-svg e-fas-caret-down\" viewBox=\"0 0 320 512\" xmlns=\"http:\/\/www.w3.org\/2000\/svg\"><path d=\"M31.3 192h257.3c17.8 0 26.7 21.5 14.1 34.1L174.1 354.8c-7.8 7.8-20.5 7.8-28.3 0L17.2 226.1C4.6 213.5 13.5 192 31.3 192z\"><\/path><\/svg><\/span><\/a><\/li> <li class=\"menu-item menu-item-type-post_type menu-item-object-page menu-item-5140 last depth-0\"><a href='https:\/\/btec.cat\/la-fundacio-b_tec\/memoria-dactivitats\/' data-level='1'><span class=\"item-content\"><span class=\"menu-item-text\"><span class=\"menu-text\">Memoria de actividades<\/span><\/span><\/span><span class=\"right next-level-button\" data-icon = \"fas fa-caret-down\"><svg aria-hidden=\"true\" class=\"open-button e-font-icon-svg e-fas-caret-right\" viewBox=\"0 0 192 512\" xmlns=\"http:\/\/www.w3.org\/2000\/svg\"><path d=\"M0 384.662V127.338c0-17.818 21.543-26.741 34.142-14.142l128.662 128.662c7.81 7.81 7.81 20.474 0 28.284L34.142 398.804C21.543 411.404 0 402.48 0 384.662z\"><\/path><\/svg> <svg aria-hidden=\"true\" class=\"icon-active e-font-icon-svg e-fas-caret-down\" viewBox=\"0 0 320 512\" xmlns=\"http:\/\/www.w3.org\/2000\/svg\"><path d=\"M31.3 192h257.3c17.8 0 26.7 21.5 14.1 34.1L174.1 354.8c-7.8 7.8-20.5 7.8-28.3 0L17.2 226.1C4.6 213.5 13.5 192 31.3 192z\"><\/path><\/svg><\/span><\/a><\/li> <\/ul><\/nav>\t\t\t\t<\/div>\n\t\t\t\t<\/div>\n\t\t\t\t<div class=\"elementor-element elementor-element-3b82531 elementor-widget elementor-widget-spacer\" data-id=\"3b82531\" data-element_type=\"widget\" data-widget_type=\"spacer.default\">\n\t\t\t\t<div class=\"elementor-widget-container\">\n\t\t\t\t\t\t\t<div class=\"elementor-spacer\">\n\t\t\t<div class=\"elementor-spacer-inner\"><\/div>\n\t\t<\/div>\n\t\t\t\t\t\t<\/div>\n\t\t\t\t<\/div>\n\t\t\t\t<div class=\"elementor-element elementor-element-559dc95 elementor-widget elementor-widget-template\" data-id=\"559dc95\" data-element_type=\"widget\" data-widget_type=\"template.default\">\n\t\t\t\t<div class=\"elementor-widget-container\">\n\t\t\t\t\t\t\t<div class=\"elementor-template\">\n\t\t\t\t\t<div data-elementor-type=\"page\" data-elementor-id=\"6373\" class=\"elementor elementor-6373 elementor-6359\" data-elementor-post-type=\"elementor_library\">\n\t\t\t\t\t\t<section class=\"elementor-section elementor-top-section elementor-element elementor-element-74034a59 elementor-section-boxed elementor-section-height-default elementor-section-height-default\" data-id=\"74034a59\" data-element_type=\"section\">\n\t\t\t\t\t\t<div class=\"elementor-container elementor-column-gap-no\">\n\t\t\t\t\t<div class=\"elementor-column elementor-col-100 elementor-top-column elementor-element elementor-element-4e5152cc\" data-id=\"4e5152cc\" data-element_type=\"column\">\n\t\t\t<div class=\"elementor-widget-wrap elementor-element-populated\">\n\t\t\t\t\t\t<div class=\"elementor-element elementor-element-c9c2bb0 elementor-widget__width-initial elementor-widget elementor-widget-heading\" data-id=\"c9c2bb0\" data-element_type=\"widget\" data-widget_type=\"heading.default\">\n\t\t\t\t<div class=\"elementor-widget-container\">\n\t\t\t\t\t<div class=\"elementor-heading-title elementor-size-default\">Presentaci\u00f3n del Campus<\/div>\t\t\t\t<\/div>\n\t\t\t\t<\/div>\n\t\t\t\t<div class=\"elementor-element elementor-element-9e16595 elementor-widget elementor-widget-text-editor\" data-id=\"9e16595\" data-element_type=\"widget\" data-widget_type=\"text-editor.default\">\n\t\t\t\t<div class=\"elementor-widget-container\">\n\t\t\t\t\t\t\t\t\t<p><div class=\"_df_thumb \" id=\"df_6350\"  _slug=\"presentacio-campus-diagonal-besos-2026\" data-title=\"presentacio-campus-diagonal-besos-2026\" wpoptions=\"true\" thumb=\"https:\/\/btec.cat\/wp-content\/uploads\/2025\/03\/Portada-scaled.jpg\" thumbtype=\"\" >Presentaci\u00f3 Campus Diagonal-Bes\u00f2s 2026<\/div><script class=\"df-shortcode-script\" type=\"application\/javascript\">window.option_df_6350 = {\"outline\":[],\"autoEnableOutline\":\"false\",\"autoEnableThumbnail\":\"false\",\"overwritePDFOutline\":\"false\",\"direction\":\"1\",\"pageSize\":\"0\",\"source\":\"https:\\\/\\\/btec.cat\\\/wp-content\\\/uploads\\\/2026\\\/04\\\/Presentacio_Campus-Diagonal-Besos_Octubre_GENER_2026_S.pdf\",\"wpOptions\":\"true\"}; if(window.DFLIP && window.DFLIP.parseBooks){window.DFLIP.parseBooks();}<\/script><\/p>\n\t\t\t\t\t\t\t\t<\/div>\n\t\t\t\t<\/div>\n\t\t\t\t<div class=\"elementor-element elementor-element-49f22bf elementor-widget elementor-widget-spacer\" data-id=\"49f22bf\" data-element_type=\"widget\" data-widget_type=\"spacer.default\">\n\t\t\t\t<div class=\"elementor-widget-container\">\n\t\t\t\t\t\t\t<div class=\"elementor-spacer\">\n\t\t\t<div class=\"elementor-spacer-inner\"><\/div>\n\t\t<\/div>\n\t\t\t\t\t\t<\/div>\n\t\t\t\t<\/div>\n\t\t\t\t<div class=\"elementor-element elementor-element-35d7f507 elementor-cta--skin-cover elementor-widget elementor-widget-call-to-action\" data-id=\"35d7f507\" data-element_type=\"widget\" data-widget_type=\"call-to-action.default\">\n\t\t\t\t<div class=\"elementor-widget-container\">\n\t\t\t\t\t\t\t<a class=\"elementor-cta\" href=\"https:\/\/btec.cat\/wp-content\/uploads\/2026\/04\/Planol_Campus-Diagonal-Besos_2026-scaled.jpg\" target=\"_blank\">\n\t\t\t\t\t<div class=\"elementor-cta__bg-wrapper\">\n\t\t\t\t<div class=\"elementor-cta__bg elementor-bg\" style=\"background-image: url(https:\/\/btec.cat\/wp-content\/uploads\/2024\/04\/1_Campus-Diagonal-Besos-Barcelona-UPC.jpg);\" role=\"img\" aria-label=\"1_Campus-Diagonal-Besos-Barcelona-UPC\"><\/div>\n\t\t\t\t<div class=\"elementor-cta__bg-overlay\"><\/div>\n\t\t\t<\/div>\n\t\t\t\t\t\t\t<div class=\"elementor-cta__content\">\n\t\t\t\t\n\t\t\t\t\t\t\t\t\t<div class=\"elementor-cta__title elementor-cta__content-item elementor-content-item\">\n\t\t\t\t\t\tPlano del Campus\t\t\t\t\t<\/div>\n\t\t\t\t\n\t\t\t\t\n\t\t\t\t\t\t\t\t\t<div class=\"elementor-cta__button-wrapper elementor-cta__content-item elementor-content-item \">\n\t\t\t\t\t<span class=\"elementor-cta__button elementor-button elementor-size-\">\n\t\t\t\t\t\tDescargar\t\t\t\t\t<\/span>\n\t\t\t\t\t<\/div>\n\t\t\t\t\t\t\t<\/div>\n\t\t\t\t\t\t<\/a>\n\t\t\t\t\t\t<\/div>\n\t\t\t\t<\/div>\n\t\t\t\t<div class=\"elementor-element elementor-element-1beeb699 elementor-widget elementor-widget-spacer\" data-id=\"1beeb699\" data-element_type=\"widget\" data-widget_type=\"spacer.default\">\n\t\t\t\t<div class=\"elementor-widget-container\">\n\t\t\t\t\t\t\t<div class=\"elementor-spacer\">\n\t\t\t<div class=\"elementor-spacer-inner\"><\/div>\n\t\t<\/div>\n\t\t\t\t\t\t<\/div>\n\t\t\t\t<\/div>\n\t\t\t\t<div class=\"elementor-element elementor-element-556ccaa5 elementor-widget elementor-widget-spacer\" data-id=\"556ccaa5\" data-element_type=\"widget\" data-widget_type=\"spacer.default\">\n\t\t\t\t<div class=\"elementor-widget-container\">\n\t\t\t\t\t\t\t<div class=\"elementor-spacer\">\n\t\t\t<div class=\"elementor-spacer-inner\"><\/div>\n\t\t<\/div>\n\t\t\t\t\t\t<\/div>\n\t\t\t\t<\/div>\n\t\t\t\t<div class=\"elementor-element elementor-element-7291604f elementor-widget elementor-widget-spacer\" data-id=\"7291604f\" data-element_type=\"widget\" data-widget_type=\"spacer.default\">\n\t\t\t\t<div class=\"elementor-widget-container\">\n\t\t\t\t\t\t\t<div class=\"elementor-spacer\">\n\t\t\t<div class=\"elementor-spacer-inner\"><\/div>\n\t\t<\/div>\n\t\t\t\t\t\t<\/div>\n\t\t\t\t<\/div>\n\t\t\t\t<div class=\"elementor-element elementor-element-6ce39e6b elementor-widget elementor-widget-spacer\" data-id=\"6ce39e6b\" data-element_type=\"widget\" data-widget_type=\"spacer.default\">\n\t\t\t\t<div class=\"elementor-widget-container\">\n\t\t\t\t\t\t\t<div class=\"elementor-spacer\">\n\t\t\t<div class=\"elementor-spacer-inner\"><\/div>\n\t\t<\/div>\n\t\t\t\t\t\t<\/div>\n\t\t\t\t<\/div>\n\t\t\t\t\t<\/div>\n\t\t<\/div>\n\t\t\t\t\t<\/div>\n\t\t<\/section>\n\t\t\t\t<\/div>\n\t\t\t\t<\/div>\n\t\t\t\t\t\t<\/div>\n\t\t\t\t<\/div>\n\t\t\t\t\t<\/div>\n\t\t<\/div>\n\t\t\t\t\t<\/div>\n\t\t<\/section>\n\t\t\t\t<\/div>\n\t\t\t\t<\/div>\n\t\t\t\t\t\t<\/div>\n\t\t\t\t<\/div>\n\t\t\t\t\t<\/div>\n\t\t<\/div>\n\t\t\t\t\t<\/div>\n\t\t<\/section>\n\t\t\t\t<\/div>\n\t\t","protected":false},"excerpt":{"rendered":"<p>La gobernabilidad de la Fundaci\u00f3n b_TEC Campus Diagonal-Bes\u00f2s queda garantizada mediante las funciones de gobierno, direcci\u00f3n, gesti\u00f3n, administraci\u00f3n y representaci\u00f3n institucional, y corresponden a los siguientes \u00f3rganos de acuerdo con el reparto de competencias que se establece en estos estatutos: El patronato El\/lapresidente\/a La comisi\u00f3n delegada El\/la director\/a general El patronato Gobierno y representaci\u00f3n de&hellip;<\/p>\n","protected":false},"author":1,"featured_media":0,"parent":5948,"menu_order":0,"comment_status":"closed","ping_status":"closed","template":"","meta":{"footnotes":""},"class_list":["post-5942","page","type-page","status-publish","hentry"],"_links":{"self":[{"href":"https:\/\/btec.cat\/es\/wp-json\/wp\/v2\/pages\/5942","targetHints":{"allow":["GET"]}}],"collection":[{"href":"https:\/\/btec.cat\/es\/wp-json\/wp\/v2\/pages"}],"about":[{"href":"https:\/\/btec.cat\/es\/wp-json\/wp\/v2\/types\/page"}],"author":[{"embeddable":true,"href":"https:\/\/btec.cat\/es\/wp-json\/wp\/v2\/users\/1"}],"replies":[{"embeddable":true,"href":"https:\/\/btec.cat\/es\/wp-json\/wp\/v2\/comments?post=5942"}],"version-history":[{"count":43,"href":"https:\/\/btec.cat\/es\/wp-json\/wp\/v2\/pages\/5942\/revisions"}],"predecessor-version":[{"id":6333,"href":"https:\/\/btec.cat\/es\/wp-json\/wp\/v2\/pages\/5942\/revisions\/6333"}],"up":[{"embeddable":true,"href":"https:\/\/btec.cat\/es\/wp-json\/wp\/v2\/pages\/5948"}],"wp:attachment":[{"href":"https:\/\/btec.cat\/es\/wp-json\/wp\/v2\/media?parent=5942"}],"curies":[{"name":"wp","href":"https:\/\/api.w.org\/{rel}","templated":true}]}}