{"id":5986,"date":"2024-04-09T21:22:28","date_gmt":"2024-04-09T19:22:28","guid":{"rendered":"https:\/\/btec.cat\/transparencia\/informacio-institucional-y-organitzativa\/"},"modified":"2025-01-22T17:21:43","modified_gmt":"2025-01-22T16:21:43","slug":"informacio-institucional-y-organitzativa","status":"publish","type":"page","link":"https:\/\/btec.cat\/es\/transparencia\/informacio-institucional-y-organitzativa\/","title":{"rendered":"Informaci\u00f3 Institucional y Organitzativa"},"content":{"rendered":"\t\t<div data-elementor-type=\"wp-page\" data-elementor-id=\"5986\" class=\"elementor elementor-5986 elementor-4915\" data-elementor-post-type=\"page\">\n\t\t\t\t\t\t<section class=\"elementor-section elementor-top-section elementor-element elementor-element-18a8d239 elementor-section-boxed elementor-section-height-default elementor-section-height-default\" data-id=\"18a8d239\" data-element_type=\"section\">\n\t\t\t\t\t\t<div class=\"elementor-container elementor-column-gap-no\">\n\t\t\t\t\t<div class=\"elementor-column elementor-col-50 elementor-top-column elementor-element elementor-element-923561c\" data-id=\"923561c\" data-element_type=\"column\">\n\t\t\t<div class=\"elementor-widget-wrap elementor-element-populated\">\n\t\t\t\t\t\t<div class=\"elementor-element elementor-element-396bd008 elementor-widget elementor-widget-text-editor\" data-id=\"396bd008\" data-element_type=\"widget\" data-widget_type=\"text-editor.default\">\n\t\t\t\t<div class=\"elementor-widget-container\">\n\t\t\t\t\t\t\t\t\t<p class=\"p1\">La Fundaci\u00f3 b_TEC Campus Diagonal-Bes\u00f2s desenvolupa i gestiona el Campus Diagonal-Bes\u00f2s amb l\u2019objectiu de ser palanca de transformaci\u00f3 econ\u00f2mic-social de l\u2019entorn. El seu Patronat est\u00e0 format per la UPC, la Generalitat de Catalunya i les administracions locals agrupades al Consorci del Campus Diagonal-Bes\u00f2s.<\/p><p class=\"p1\">Est\u00e0 presidida pel rector de la Universitat Polit\u00e8cnica de Catalunya i adscrita a la UPC.<\/p><ol class=\"ol1\">\r\n<\/ol>\t\t\t\t\t\t\t\t<\/div>\n\t\t\t\t<\/div>\n\t\t\t\t<div class=\"elementor-element elementor-element-cb2c0c2 elementor-widget elementor-widget-spacer\" data-id=\"cb2c0c2\" data-element_type=\"widget\" data-widget_type=\"spacer.default\">\n\t\t\t\t<div class=\"elementor-widget-container\">\n\t\t\t\t\t\t\t<div class=\"elementor-spacer\">\n\t\t\t<div class=\"elementor-spacer-inner\"><\/div>\n\t\t<\/div>\n\t\t\t\t\t\t<\/div>\n\t\t\t\t<\/div>\n\t\t\t\t<div class=\"elementor-element elementor-element-889a28e elementor-widget elementor-widget-heading\" data-id=\"889a28e\" data-element_type=\"widget\" data-widget_type=\"heading.default\">\n\t\t\t\t<div class=\"elementor-widget-container\">\n\t\t\t\t\t<h2 class=\"elementor-heading-title elementor-size-default\">\u00d2rgans de govern<\/h2>\t\t\t\t<\/div>\n\t\t\t\t<\/div>\n\t\t\t\t<div class=\"elementor-element elementor-element-009ba5e elementor-widget elementor-widget-text-editor\" data-id=\"009ba5e\" data-element_type=\"widget\" data-widget_type=\"text-editor.default\">\n\t\t\t\t<div class=\"elementor-widget-container\">\n\t\t\t\t\t\t\t\t\t<p>La governabilitat de la Fundaci\u00f3 b_TEC Campus Diagonal-Bes\u00f2s queda garantida mitjan\u00e7ant les funcions de govern, direcci\u00f3, gesti\u00f3, administraci\u00f3 i representaci\u00f3 institucional, i corresponen als seg\u00fcents \u00f2rgans d&#8217;acord amb el repartiment de compet\u00e8ncies que s&#8217;estableix en aquests estatuts:<\/p>\r\n<ol>\r\n<li>El patronat<\/li>\r\n<li>El president<\/li>\r\n<li>La comissi\u00f3 delegada<\/li>\r\n<li>El director general.<\/li>\r\n<\/ol>\t\t\t\t\t\t\t\t<\/div>\n\t\t\t\t<\/div>\n\t\t\t\t<div class=\"elementor-element elementor-element-77d1aa46 elementor-widget elementor-widget-spacer\" data-id=\"77d1aa46\" data-element_type=\"widget\" data-widget_type=\"spacer.default\">\n\t\t\t\t<div class=\"elementor-widget-container\">\n\t\t\t\t\t\t\t<div class=\"elementor-spacer\">\n\t\t\t<div class=\"elementor-spacer-inner\"><\/div>\n\t\t<\/div>\n\t\t\t\t\t\t<\/div>\n\t\t\t\t<\/div>\n\t\t\t\t<div class=\"elementor-element elementor-element-2c50fba6 elementor-widget elementor-widget-heading\" data-id=\"2c50fba6\" data-element_type=\"widget\" data-widget_type=\"heading.default\">\n\t\t\t\t<div class=\"elementor-widget-container\">\n\t\t\t\t\t<h2 class=\"elementor-heading-title elementor-size-default\">El patronato<\/h2>\t\t\t\t<\/div>\n\t\t\t\t<\/div>\n\t\t\t\t<div class=\"elementor-element elementor-element-2194256 elementor-widget elementor-widget-spacer\" data-id=\"2194256\" data-element_type=\"widget\" data-widget_type=\"spacer.default\">\n\t\t\t\t<div class=\"elementor-widget-container\">\n\t\t\t\t\t\t\t<div class=\"elementor-spacer\">\n\t\t\t<div class=\"elementor-spacer-inner\"><\/div>\n\t\t<\/div>\n\t\t\t\t\t\t<\/div>\n\t\t\t\t<\/div>\n\t\t\t\t<div class=\"elementor-element elementor-element-30d47362 elementor-widget elementor-widget-text-editor\" data-id=\"30d47362\" data-element_type=\"widget\" data-widget_type=\"text-editor.default\">\n\t\t\t\t<div class=\"elementor-widget-container\">\n\t\t\t\t\t\t\t\t\tGovern i representaci\u00f3 de la Fundaci\u00f3 b_TEC Campus Diagonal-Bes\u00f2s<br><br>\r\n<ul>\r\n \t<li>La representaci\u00f3 i el govern de la Fundaci\u00f3 b_TEC Campus Diagonal-Bes\u00f2s corresponen al patronat, que t\u00e9 les facultats m\u00e9s amplies d&#8217;administraci\u00f3, de gesti\u00f3, de disposici\u00f3 i de gravamen dels b\u00e9ns de la Fundaci\u00f3 sense altres limitacions que les resultants de la normativa en la mat\u00e8ria.<\/li><br>\r\n \t<li>Els membres del patronat estan obligats a que es compleixin les finalitats fundacionals d&#8217;acord amb el que disposen aquests estatuts i a conservar els b\u00e9ns i drets que integren el seu patrimoni.<\/li><br>\r\n \t<li>El patronat nomenar\u00e0 una comissi\u00f3 delegada, que tindr\u00e0 les facultats i funcions que se li deleguin. El President de la comissi\u00f3 delegada ser\u00e0 designat pel patronat entre els membres d&#8217;aquesta comissi\u00f3.<\/li>\r\n<\/ul>\t\t\t\t\t\t\t\t<\/div>\n\t\t\t\t<\/div>\n\t\t\t\t<div class=\"elementor-element elementor-element-64305f18 elementor-widget elementor-widget-spacer\" data-id=\"64305f18\" data-element_type=\"widget\" data-widget_type=\"spacer.default\">\n\t\t\t\t<div class=\"elementor-widget-container\">\n\t\t\t\t\t\t\t<div class=\"elementor-spacer\">\n\t\t\t<div class=\"elementor-spacer-inner\"><\/div>\n\t\t<\/div>\n\t\t\t\t\t\t<\/div>\n\t\t\t\t<\/div>\n\t\t\t\t<div class=\"elementor-element elementor-element-006d58f elementor-widget elementor-widget-heading\" data-id=\"006d58f\" data-element_type=\"widget\" data-widget_type=\"heading.default\">\n\t\t\t\t<div class=\"elementor-widget-container\">\n\t\t\t\t\t<h2 class=\"elementor-heading-title elementor-size-default\">Composici\u00f3 del Patronat (30\/04\/24)<\/h2>\t\t\t\t<\/div>\n\t\t\t\t<\/div>\n\t\t\t\t<div class=\"elementor-element elementor-element-3b2fab6 elementor-widget elementor-widget-spacer\" data-id=\"3b2fab6\" data-element_type=\"widget\" data-widget_type=\"spacer.default\">\n\t\t\t\t<div class=\"elementor-widget-container\">\n\t\t\t\t\t\t\t<div class=\"elementor-spacer\">\n\t\t\t<div class=\"elementor-spacer-inner\"><\/div>\n\t\t<\/div>\n\t\t\t\t\t\t<\/div>\n\t\t\t\t<\/div>\n\t\t\t\t<div class=\"elementor-element elementor-element-6c7b172 elementor-widget elementor-widget-text-editor\" data-id=\"6c7b172\" data-element_type=\"widget\" data-widget_type=\"text-editor.default\">\n\t\t\t\t<div class=\"elementor-widget-container\">\n\t\t\t\t\t\t\t\t\t<p><strong>Universitat Polit\u00e8cnica de Catalunya:<\/strong><\/p>\n<p><a href=\"https:\/\/btec.cat\/wp-content\/uploads\/2024\/05\/UPC_DanielCrespo.pdf\" target=\"_blank\" rel=\"noopener\">Daniel Crespo<\/a> (President)<\/p>\n<p><a href=\"https:\/\/btec.cat\/wp-content\/uploads\/2024\/05\/UPC_Montserrat_Guardia.pdf\" target=\"_blank\" rel=\"noopener\">Montserrat Gu\u00e0rdia<\/a><\/p>\n<p><a href=\"https:\/\/btec.cat\/wp-content\/uploads\/2024\/05\/UPC_JordiLlorcaPique.pdf\" target=\"_blank\" rel=\"noopener\">Jordi Llorca<\/a><\/p>\n<p><a href=\"https:\/\/btec.cat\/wp-content\/uploads\/2024\/05\/UPC_Ivan_Planas_Miret.pdf\" target=\"_blank\" rel=\"noopener\">Ivan Planas<\/a><\/p>\n<p><a href=\"https:\/\/btec.cat\/wp-content\/uploads\/2024\/05\/UPC_JoandePablo_2021.pdf\" target=\"_blank\" rel=\"noopener\">Joan de Pablo<\/a><\/p>\n<p><strong>Generalitat de Catalunya:<\/strong><\/p>\n<p><a href=\"https:\/\/btec.cat\/wp-content\/uploads\/2024\/05\/GENERA1.pdf\" target=\"_blank\" rel=\"noopener\">Joan G\u00f3mez<\/a><\/p>\n<p><a href=\"https:\/\/btec.cat\/wp-content\/uploads\/2024\/05\/GENERA4.pdf\" target=\"_blank\" rel=\"noopener\">Vict\u00f2ria Girona<\/a><\/p>\n<p><a href=\"https:\/\/btec.cat\/wp-content\/uploads\/2024\/05\/GENERA3.pdf\" target=\"_blank\" rel=\"noopener\">Oriol Alcoba<\/a><\/p>\n<p><a href=\"https:\/\/btec.cat\/wp-content\/uploads\/2024\/05\/GENERA2.pdf\" target=\"_blank\" rel=\"noopener\">Maria Sisternas<\/a><\/p>\n<p><strong>Consorci del Campus Diagonal-Bes\u00f2s:<\/strong><\/p>\n<p><a href=\"https:\/\/btec.cat\/wp-content\/uploads\/2024\/05\/AJB_Laia-Bonet-Rull.pdf\" target=\"_blank\" rel=\"noopener\">Laia Bonet<\/a><\/p>\n<p><a href=\"https:\/\/btec.cat\/wp-content\/uploads\/2024\/05\/AJSTAD1.pdf\" target=\"_blank\" rel=\"noopener\">Filomena Ca\u00f1ete<\/a><\/p>\n<p><a href=\"https:\/\/btec.cat\/wp-content\/uploads\/2024\/05\/AJB_David-Escude-Rodriguez.pdf\" target=\"_blank\" rel=\"noopener\">David Escud\u00e9<\/a><\/p>\n\t\t\t\t\t\t\t\t<\/div>\n\t\t\t\t<\/div>\n\t\t\t\t<div class=\"elementor-element elementor-element-c3b0e50 elementor-widget elementor-widget-spacer\" data-id=\"c3b0e50\" data-element_type=\"widget\" data-widget_type=\"spacer.default\">\n\t\t\t\t<div class=\"elementor-widget-container\">\n\t\t\t\t\t\t\t<div class=\"elementor-spacer\">\n\t\t\t<div class=\"elementor-spacer-inner\"><\/div>\n\t\t<\/div>\n\t\t\t\t\t\t<\/div>\n\t\t\t\t<\/div>\n\t\t\t\t<div class=\"elementor-element elementor-element-56557bbf elementor-widget elementor-widget-heading\" data-id=\"56557bbf\" data-element_type=\"widget\" data-widget_type=\"heading.default\">\n\t\t\t\t<div class=\"elementor-widget-container\">\n\t\t\t\t\t<h2 class=\"elementor-heading-title elementor-size-default\">El presidente del patronato<\/h2>\t\t\t\t<\/div>\n\t\t\t\t<\/div>\n\t\t\t\t<div class=\"elementor-element elementor-element-3cb2e87b elementor-widget elementor-widget-spacer\" data-id=\"3cb2e87b\" data-element_type=\"widget\" data-widget_type=\"spacer.default\">\n\t\t\t\t<div class=\"elementor-widget-container\">\n\t\t\t\t\t\t\t<div class=\"elementor-spacer\">\n\t\t\t<div class=\"elementor-spacer-inner\"><\/div>\n\t\t<\/div>\n\t\t\t\t\t\t<\/div>\n\t\t\t\t<\/div>\n\t\t\t\t<div class=\"elementor-element elementor-element-222987a2 elementor-widget elementor-widget-text-editor\" data-id=\"222987a2\" data-element_type=\"widget\" data-widget_type=\"text-editor.default\">\n\t\t\t\t<div class=\"elementor-widget-container\">\n\t\t\t\t\t\t\t\t\tFuncions i atribucions\r\n\r\nEl president del patronat representa la Fundaci\u00f3 en judici i fora d&#8217;aquest, sense perjudici que pugui delegar-ne la representaci\u00f3 en un o m\u00e9s membres del patronal, i al director general.\r\n\r\nLes atribucions del president del patronat s\u00f3n les seg\u00fcents:<br><br>\r\n<ul>\r\n \t<li>Totes les facultats del patronat, menys les no delegables, sempre que no hagin estat delegades en un altre \u00f2rgan. Aquestes facultats s&#8217;exerciran de conformitat i amb les limitacions que estableixin les normes vigents que s\u2019apliquin, especialment la llei 4\/2008, de 24 d&#8217;abril, del llibre tercer del Codi civil de Catalunya.<\/li><br>\r\n \t<li>Convocar i presidir les sessions del patronat.<\/li><br>\r\n \t<li>Portar la signatura oficial de la Fundaci\u00f3, que podr\u00e0 delegar en el director general. Aquesta atribuci\u00f3 s&#8217;ent\u00e9n sense perjudici de la facultat dels altres \u00f2rgans i c\u00e0rrecs de la Fundaci\u00f3 per signar els actes que cadascun d&#8217;ells dicti dins l\u2019\u00e0mbit de les seves corresponents atribucions i compet\u00e8ncies, aix\u00ed com sense perjudici de la facultat fedat\u00e0ria del secretari del patronat.<\/li><br>\r\n \t<li>Complir i fer complir els acords del patronat.<\/li>\r\n<\/ul>\t\t\t\t\t\t\t\t<\/div>\n\t\t\t\t<\/div>\n\t\t\t\t<div class=\"elementor-element elementor-element-7213fe6a elementor-widget elementor-widget-spacer\" data-id=\"7213fe6a\" data-element_type=\"widget\" data-widget_type=\"spacer.default\">\n\t\t\t\t<div class=\"elementor-widget-container\">\n\t\t\t\t\t\t\t<div class=\"elementor-spacer\">\n\t\t\t<div class=\"elementor-spacer-inner\"><\/div>\n\t\t<\/div>\n\t\t\t\t\t\t<\/div>\n\t\t\t\t<\/div>\n\t\t\t\t<div class=\"elementor-element elementor-element-221af647 elementor-widget elementor-widget-heading\" data-id=\"221af647\" data-element_type=\"widget\" data-widget_type=\"heading.default\">\n\t\t\t\t<div class=\"elementor-widget-container\">\n\t\t\t\t\t<h2 class=\"elementor-heading-title elementor-size-default\">La comisi\u00f3n delegada<\/h2>\t\t\t\t<\/div>\n\t\t\t\t<\/div>\n\t\t\t\t<div class=\"elementor-element elementor-element-3bf7cdf elementor-widget elementor-widget-spacer\" data-id=\"3bf7cdf\" data-element_type=\"widget\" data-widget_type=\"spacer.default\">\n\t\t\t\t<div class=\"elementor-widget-container\">\n\t\t\t\t\t\t\t<div class=\"elementor-spacer\">\n\t\t\t<div class=\"elementor-spacer-inner\"><\/div>\n\t\t<\/div>\n\t\t\t\t\t\t<\/div>\n\t\t\t\t<\/div>\n\t\t\t\t<div class=\"elementor-element elementor-element-4e911f48 elementor-widget elementor-widget-text-editor\" data-id=\"4e911f48\" data-element_type=\"widget\" data-widget_type=\"text-editor.default\">\n\t\t\t\t<div class=\"elementor-widget-container\">\n\t\t\t\t\t\t\t\t\t<p><strong>Composici\u00f3<\/strong><\/p>\n<p>La comissi\u00f3 delegada estar\u00e0 integrada com a m\u00ednim per un patr\u00f3 designat per la UPC, un patr\u00f3 designat per l\u2019Administraci\u00f3 de la Generalitat de Catalunya i un patr\u00f3 designat pel CCIDB. El secretari del patronat, tamb\u00e9 ho ser\u00e0 de la comissi\u00f3 delegada.<\/p>\n<p>El director general de la Fundaci\u00f3 assistir\u00e0 a les reunions de la comissi\u00f3 delegada amb veu per\u00f2 sense vot.<\/p>\n<p><strong>Funcions<\/strong><\/p>\n<p>Corresponen a la comissi\u00f3 delegada totes aquelles funcions delegables que li siguin assignades pel patronat de la Fundaci\u00f3.<\/p>\n\t\t\t\t\t\t\t\t<\/div>\n\t\t\t\t<\/div>\n\t\t\t\t<div class=\"elementor-element elementor-element-44671e76 elementor-widget elementor-widget-spacer\" data-id=\"44671e76\" data-element_type=\"widget\" data-widget_type=\"spacer.default\">\n\t\t\t\t<div class=\"elementor-widget-container\">\n\t\t\t\t\t\t\t<div class=\"elementor-spacer\">\n\t\t\t<div class=\"elementor-spacer-inner\"><\/div>\n\t\t<\/div>\n\t\t\t\t\t\t<\/div>\n\t\t\t\t<\/div>\n\t\t\t\t<div class=\"elementor-element elementor-element-3a8a3524 elementor-widget elementor-widget-heading\" data-id=\"3a8a3524\" data-element_type=\"widget\" data-widget_type=\"heading.default\">\n\t\t\t\t<div class=\"elementor-widget-container\">\n\t\t\t\t\t<h2 class=\"elementor-heading-title elementor-size-default\">El director general<\/h2>\t\t\t\t<\/div>\n\t\t\t\t<\/div>\n\t\t\t\t<div class=\"elementor-element elementor-element-4542d4a2 elementor-widget elementor-widget-spacer\" data-id=\"4542d4a2\" data-element_type=\"widget\" data-widget_type=\"spacer.default\">\n\t\t\t\t<div class=\"elementor-widget-container\">\n\t\t\t\t\t\t\t<div class=\"elementor-spacer\">\n\t\t\t<div class=\"elementor-spacer-inner\"><\/div>\n\t\t<\/div>\n\t\t\t\t\t\t<\/div>\n\t\t\t\t<\/div>\n\t\t\t\t<div class=\"elementor-element elementor-element-749cdba2 elementor-widget elementor-widget-text-editor\" data-id=\"749cdba2\" data-element_type=\"widget\" data-widget_type=\"text-editor.default\">\n\t\t\t\t<div class=\"elementor-widget-container\">\n\t\t\t\t\t\t\t\t\tEl director general, que no \u00e9s membre del patronat, \u00e9s nomenat pel patronat a proposta del president.\r\n\r\nEl director general tindr\u00e0 les seg\u00fcents funcions:<br><br>\r\n<ul>\r\n \t<li>Dirigir, organitzar, gestionar i executar les activitats de la Fundaci\u00f3 en relaci\u00f3 al Campus Diagonal-Bes\u00f2s.<\/li><br>\r\n \t<li>Proposar al patronat el programa d&#8217;activitats, l\u00ednies de recerca, cost i fonts de finan\u00e7ament.<\/li><br>\r\n \t<li>Proposar al patronat el pressupost anual de la Fundaci\u00f3.<\/li><br>\r\n \t<li>Coordinar les actuacions encaminades a l&#8217;obtenci\u00f3 dels recursos necessaris perqu\u00e8 es puguin dur a terme els objectius de la Fundaci\u00f3.<\/li><br>\r\n \t<li>Informar i retre comptes al patronat del desenvolupament de les activitats i programes de recerca de la Fundaci\u00f3 i exercir tes funcions que li siguin encomanades o delegades per aquest.<\/li><br>\r\n \t<li>Dirigir, d&#8217;acord amb les directrius marcades pel patronat, la gesti\u00f3 econ\u00f2mica, comptable i funcionament ordinari de la Fundaci\u00f3.<\/li><br>\r\n \t<li>Gestionar els recursos humans de la Fundaci\u00f3, la contractaci\u00f3 de personal, incid\u00e8ncies, separaci\u00f3 i rescissi\u00f3 dels contractes laborals i de prestaci\u00f3 de serveis; aix\u00ed com la gesti\u00f3 de les beques i ajudes.<\/li><br>\r\n \t<li>Proposar els serveis que calguin perqu\u00e8 la Fundaci\u00f3 desenvolupi les activitats i funcions que li corresponen.<\/li><br>\r\n \t<li>Proposar al patronat les normes de r\u00e8gim intern.<\/li><br>\r\n \t<li>Formalitzar els convenis de col\u00b7laboraci\u00f3 amb institucions p\u00fabliques i privades.<\/li><br>\r\n \t<li>Qualsevol altres funcions que li siguin expressament encomanades o delegades pel patronat, en els termes previstos en aquests Estatuts.<\/li><br>\r\n<\/ul>\r\nEl director general comptar\u00e0 amb l&#8217;oportuna escriptura d&#8217;atorgament de poders que legitimi les seves actuacions amb tercers.\t\t\t\t\t\t\t\t<\/div>\n\t\t\t\t<\/div>\n\t\t\t\t\t<\/div>\n\t\t<\/div>\n\t\t\t\t<div class=\"elementor-column elementor-col-50 elementor-top-column elementor-element elementor-element-7f5c087b\" data-id=\"7f5c087b\" data-element_type=\"column\">\n\t\t\t<div class=\"elementor-widget-wrap elementor-element-populated\">\n\t\t\t\t\t\t<div class=\"elementor-element elementor-element-18dd9ef elementor-widget elementor-widget-template\" data-id=\"18dd9ef\" data-element_type=\"widget\" data-widget_type=\"template.default\">\n\t\t\t\t<div class=\"elementor-widget-container\">\n\t\t\t\t\t\t\t<div class=\"elementor-template\">\n\t\t\t\t\t<div data-elementor-type=\"page\" data-elementor-id=\"6382\" class=\"elementor elementor-6382 elementor-5095\" data-elementor-post-type=\"elementor_library\">\n\t\t\t\t\t\t<section class=\"elementor-section elementor-top-section elementor-element elementor-element-409ef1c9 elementor-section-boxed elementor-section-height-default elementor-section-height-default\" data-id=\"409ef1c9\" data-element_type=\"section\">\n\t\t\t\t\t\t<div class=\"elementor-container elementor-column-gap-no\">\n\t\t\t\t\t<div class=\"elementor-column elementor-col-100 elementor-top-column elementor-element elementor-element-b0b1f9e\" data-id=\"b0b1f9e\" data-element_type=\"column\">\n\t\t\t<div class=\"elementor-widget-wrap elementor-element-populated\">\n\t\t\t\t\t\t<div class=\"elementor-element elementor-element-54d8134d elementor-widget__width-initial elementor-widget elementor-widget-heading\" data-id=\"54d8134d\" data-element_type=\"widget\" data-widget_type=\"heading.default\">\n\t\t\t\t<div class=\"elementor-widget-container\">\n\t\t\t\t\t<div class=\"elementor-heading-title elementor-size-default\">Transparencia<\/div>\t\t\t\t<\/div>\n\t\t\t\t<\/div>\n\t\t\t\t<div class=\"elementor-element elementor-element-29f7ddd7 elementor-widget elementor-widget-spacer\" data-id=\"29f7ddd7\" data-element_type=\"widget\" data-widget_type=\"spacer.default\">\n\t\t\t\t<div class=\"elementor-widget-container\">\n\t\t\t\t\t\t\t<div class=\"elementor-spacer\">\n\t\t\t<div class=\"elementor-spacer-inner\"><\/div>\n\t\t<\/div>\n\t\t\t\t\t\t<\/div>\n\t\t\t\t<\/div>\n\t\t\t\t<div class=\"elementor-element elementor-element-4f8b6e1b dt-nav-menu_align-left dt-sub-menu_align-left elementor-widget elementor-widget-the7_nav-menu\" data-id=\"4f8b6e1b\" data-element_type=\"widget\" data-settings=\"{&quot;submenu_display&quot;:&quot;on_click&quot;}\" data-widget_type=\"the7_nav-menu.default\">\n\t\t\t\t<div class=\"elementor-widget-container\">\n\t\t\t\t\t<nav class=\"dt-nav-menu--main dt-nav-menu__container dt-sub-menu-display-on_click dt-icon-align-with_text dt-icon-position-right dt-sub-icon-position-right dt-sub-icon-align-with_text\"><ul class=\"dt-nav-menu\"><li class=\"menu-item menu-item-type-post_type menu-item-object-page menu-item-5088 first depth-0\"><a href='https:\/\/btec.cat\/transparencia\/informacion-institucional-y-organizativa\/' data-level='1'><span class=\"item-content\"><span class=\"menu-item-text\"><span class=\"menu-text\">Informaci\u00f3 Institucional y Organitzativa<\/span><\/span><\/span><span class=\"right next-level-button\" data-icon = \"fas fa-caret-down\"><svg aria-hidden=\"true\" class=\"open-button e-font-icon-svg e-fas-caret-right\" viewBox=\"0 0 192 512\" xmlns=\"http:\/\/www.w3.org\/2000\/svg\"><path d=\"M0 384.662V127.338c0-17.818 21.543-26.741 34.142-14.142l128.662 128.662c7.81 7.81 7.81 20.474 0 28.284L34.142 398.804C21.543 411.404 0 402.48 0 384.662z\"><\/path><\/svg> <svg aria-hidden=\"true\" class=\"icon-active e-font-icon-svg e-fas-caret-down\" viewBox=\"0 0 320 512\" xmlns=\"http:\/\/www.w3.org\/2000\/svg\"><path d=\"M31.3 192h257.3c17.8 0 26.7 21.5 14.1 34.1L174.1 354.8c-7.8 7.8-20.5 7.8-28.3 0L17.2 226.1C4.6 213.5 13.5 192 31.3 192z\"><\/path><\/svg><\/span><\/a><\/li> <li class=\"menu-item menu-item-type-post_type menu-item-object-page menu-item-5087 depth-0\"><a href='https:\/\/btec.cat\/transparencia\/gestio-economica-i-administrativa\/' data-level='1'><span class=\"item-content\"><span class=\"menu-item-text\"><span class=\"menu-text\">Gesti\u00f3 econ\u00f2mica i administrativa<\/span><\/span><\/span><span class=\"right next-level-button\" data-icon = \"fas fa-caret-down\"><svg aria-hidden=\"true\" class=\"open-button e-font-icon-svg e-fas-caret-right\" viewBox=\"0 0 192 512\" xmlns=\"http:\/\/www.w3.org\/2000\/svg\"><path d=\"M0 384.662V127.338c0-17.818 21.543-26.741 34.142-14.142l128.662 128.662c7.81 7.81 7.81 20.474 0 28.284L34.142 398.804C21.543 411.404 0 402.48 0 384.662z\"><\/path><\/svg> <svg aria-hidden=\"true\" class=\"icon-active e-font-icon-svg e-fas-caret-down\" viewBox=\"0 0 320 512\" xmlns=\"http:\/\/www.w3.org\/2000\/svg\"><path d=\"M31.3 192h257.3c17.8 0 26.7 21.5 14.1 34.1L174.1 354.8c-7.8 7.8-20.5 7.8-28.3 0L17.2 226.1C4.6 213.5 13.5 192 31.3 192z\"><\/path><\/svg><\/span><\/a><\/li> <li class=\"menu-item menu-item-type-post_type menu-item-object-page menu-item-5086 depth-0\"><a href='https:\/\/btec.cat\/transparencia\/anuncis\/' data-level='1'><span class=\"item-content\"><span class=\"menu-item-text\"><span class=\"menu-text\">Anuncios<\/span><\/span><\/span><span class=\"right next-level-button\" data-icon = \"fas fa-caret-down\"><svg aria-hidden=\"true\" class=\"open-button e-font-icon-svg e-fas-caret-right\" viewBox=\"0 0 192 512\" xmlns=\"http:\/\/www.w3.org\/2000\/svg\"><path d=\"M0 384.662V127.338c0-17.818 21.543-26.741 34.142-14.142l128.662 128.662c7.81 7.81 7.81 20.474 0 28.284L34.142 398.804C21.543 411.404 0 402.48 0 384.662z\"><\/path><\/svg> <svg aria-hidden=\"true\" class=\"icon-active e-font-icon-svg e-fas-caret-down\" viewBox=\"0 0 320 512\" xmlns=\"http:\/\/www.w3.org\/2000\/svg\"><path d=\"M31.3 192h257.3c17.8 0 26.7 21.5 14.1 34.1L174.1 354.8c-7.8 7.8-20.5 7.8-28.3 0L17.2 226.1C4.6 213.5 13.5 192 31.3 192z\"><\/path><\/svg><\/span><\/a><\/li> <li class=\"menu-item menu-item-type-post_type menu-item-object-page menu-item-5085 depth-0\"><a href='https:\/\/btec.cat\/transparencia\/contractes-convenis-i-subvencions\/' data-level='1'><span class=\"item-content\"><span class=\"menu-item-text\"><span class=\"menu-text\">Contractes, convenis i subvencions<\/span><\/span><\/span><span class=\"right next-level-button\" data-icon = \"fas fa-caret-down\"><svg aria-hidden=\"true\" class=\"open-button e-font-icon-svg e-fas-caret-right\" viewBox=\"0 0 192 512\" xmlns=\"http:\/\/www.w3.org\/2000\/svg\"><path d=\"M0 384.662V127.338c0-17.818 21.543-26.741 34.142-14.142l128.662 128.662c7.81 7.81 7.81 20.474 0 28.284L34.142 398.804C21.543 411.404 0 402.48 0 384.662z\"><\/path><\/svg> <svg aria-hidden=\"true\" class=\"icon-active e-font-icon-svg e-fas-caret-down\" viewBox=\"0 0 320 512\" xmlns=\"http:\/\/www.w3.org\/2000\/svg\"><path d=\"M31.3 192h257.3c17.8 0 26.7 21.5 14.1 34.1L174.1 354.8c-7.8 7.8-20.5 7.8-28.3 0L17.2 226.1C4.6 213.5 13.5 192 31.3 192z\"><\/path><\/svg><\/span><\/a><\/li> <li class=\"menu-item menu-item-type-post_type menu-item-object-page menu-item-5084 last depth-0\"><a href='https:\/\/btec.cat\/transparencia\/memoria-dactivitats\/' data-level='1'><span class=\"item-content\"><span class=\"menu-item-text\"><span class=\"menu-text\">Memoria de actividades<\/span><\/span><\/span><span class=\"right next-level-button\" data-icon = \"fas fa-caret-down\"><svg aria-hidden=\"true\" class=\"open-button e-font-icon-svg e-fas-caret-right\" viewBox=\"0 0 192 512\" xmlns=\"http:\/\/www.w3.org\/2000\/svg\"><path d=\"M0 384.662V127.338c0-17.818 21.543-26.741 34.142-14.142l128.662 128.662c7.81 7.81 7.81 20.474 0 28.284L34.142 398.804C21.543 411.404 0 402.48 0 384.662z\"><\/path><\/svg> <svg aria-hidden=\"true\" class=\"icon-active e-font-icon-svg e-fas-caret-down\" viewBox=\"0 0 320 512\" xmlns=\"http:\/\/www.w3.org\/2000\/svg\"><path d=\"M31.3 192h257.3c17.8 0 26.7 21.5 14.1 34.1L174.1 354.8c-7.8 7.8-20.5 7.8-28.3 0L17.2 226.1C4.6 213.5 13.5 192 31.3 192z\"><\/path><\/svg><\/span><\/a><\/li> <\/ul><\/nav>\t\t\t\t<\/div>\n\t\t\t\t<\/div>\n\t\t\t\t<div class=\"elementor-element elementor-element-cee1033 elementor-widget elementor-widget-spacer\" data-id=\"cee1033\" data-element_type=\"widget\" data-widget_type=\"spacer.default\">\n\t\t\t\t<div class=\"elementor-widget-container\">\n\t\t\t\t\t\t\t<div class=\"elementor-spacer\">\n\t\t\t<div class=\"elementor-spacer-inner\"><\/div>\n\t\t<\/div>\n\t\t\t\t\t\t<\/div>\n\t\t\t\t<\/div>\n\t\t\t\t<div class=\"elementor-element elementor-element-5bde717 elementor-widget elementor-widget-template\" data-id=\"5bde717\" data-element_type=\"widget\" data-widget_type=\"template.default\">\n\t\t\t\t<div class=\"elementor-widget-container\">\n\t\t\t\t\t\t\t<div class=\"elementor-template\">\n\t\t\t\t\t<div data-elementor-type=\"page\" data-elementor-id=\"6373\" class=\"elementor elementor-6373 elementor-6359\" data-elementor-post-type=\"elementor_library\">\n\t\t\t\t\t\t<section class=\"elementor-section elementor-top-section elementor-element elementor-element-74034a59 elementor-section-boxed elementor-section-height-default elementor-section-height-default\" data-id=\"74034a59\" data-element_type=\"section\">\n\t\t\t\t\t\t<div class=\"elementor-container elementor-column-gap-no\">\n\t\t\t\t\t<div class=\"elementor-column elementor-col-100 elementor-top-column elementor-element elementor-element-4e5152cc\" data-id=\"4e5152cc\" data-element_type=\"column\">\n\t\t\t<div class=\"elementor-widget-wrap elementor-element-populated\">\n\t\t\t\t\t\t<div class=\"elementor-element elementor-element-c9c2bb0 elementor-widget__width-initial elementor-widget elementor-widget-heading\" data-id=\"c9c2bb0\" data-element_type=\"widget\" data-widget_type=\"heading.default\">\n\t\t\t\t<div class=\"elementor-widget-container\">\n\t\t\t\t\t<div class=\"elementor-heading-title elementor-size-default\">Presentaci\u00f3n del Campus<\/div>\t\t\t\t<\/div>\n\t\t\t\t<\/div>\n\t\t\t\t<div class=\"elementor-element elementor-element-9e16595 elementor-widget elementor-widget-text-editor\" data-id=\"9e16595\" data-element_type=\"widget\" data-widget_type=\"text-editor.default\">\n\t\t\t\t<div class=\"elementor-widget-container\">\n\t\t\t\t\t\t\t\t\t<p><div class=\"_df_thumb \" id=\"df_6350\"  _slug=\"presentacio-campus-diagonal-besos-2026\" data-title=\"presentacio-campus-diagonal-besos-2026\" wpoptions=\"true\" thumb=\"https:\/\/btec.cat\/wp-content\/uploads\/2025\/03\/Portada-scaled.jpg\" thumbtype=\"\" >Presentaci\u00f3 Campus Diagonal-Bes\u00f2s 2026<\/div><script class=\"df-shortcode-script\" type=\"application\/javascript\">window.option_df_6350 = {\"outline\":[],\"autoEnableOutline\":\"false\",\"autoEnableThumbnail\":\"false\",\"overwritePDFOutline\":\"false\",\"direction\":\"1\",\"pageSize\":\"0\",\"source\":\"https:\\\/\\\/btec.cat\\\/wp-content\\\/uploads\\\/2026\\\/04\\\/Presentacio_Campus-Diagonal-Besos_Octubre_GENER_2026_S.pdf\",\"wpOptions\":\"true\"}; if(window.DFLIP && window.DFLIP.parseBooks){window.DFLIP.parseBooks();}<\/script><\/p>\n\t\t\t\t\t\t\t\t<\/div>\n\t\t\t\t<\/div>\n\t\t\t\t<div class=\"elementor-element elementor-element-49f22bf elementor-widget elementor-widget-spacer\" data-id=\"49f22bf\" data-element_type=\"widget\" data-widget_type=\"spacer.default\">\n\t\t\t\t<div class=\"elementor-widget-container\">\n\t\t\t\t\t\t\t<div class=\"elementor-spacer\">\n\t\t\t<div class=\"elementor-spacer-inner\"><\/div>\n\t\t<\/div>\n\t\t\t\t\t\t<\/div>\n\t\t\t\t<\/div>\n\t\t\t\t<div class=\"elementor-element elementor-element-35d7f507 elementor-cta--skin-cover elementor-widget elementor-widget-call-to-action\" data-id=\"35d7f507\" data-element_type=\"widget\" data-widget_type=\"call-to-action.default\">\n\t\t\t\t<div class=\"elementor-widget-container\">\n\t\t\t\t\t\t\t<a class=\"elementor-cta\" href=\"https:\/\/btec.cat\/wp-content\/uploads\/2026\/04\/Planol_Campus-Diagonal-Besos_2026-scaled.jpg\" target=\"_blank\">\n\t\t\t\t\t<div class=\"elementor-cta__bg-wrapper\">\n\t\t\t\t<div class=\"elementor-cta__bg elementor-bg\" style=\"background-image: url(https:\/\/btec.cat\/wp-content\/uploads\/2024\/04\/1_Campus-Diagonal-Besos-Barcelona-UPC.jpg);\" role=\"img\" aria-label=\"1_Campus-Diagonal-Besos-Barcelona-UPC\"><\/div>\n\t\t\t\t<div class=\"elementor-cta__bg-overlay\"><\/div>\n\t\t\t<\/div>\n\t\t\t\t\t\t\t<div class=\"elementor-cta__content\">\n\t\t\t\t\n\t\t\t\t\t\t\t\t\t<div class=\"elementor-cta__title elementor-cta__content-item elementor-content-item\">\n\t\t\t\t\t\tPlano del Campus\t\t\t\t\t<\/div>\n\t\t\t\t\n\t\t\t\t\n\t\t\t\t\t\t\t\t\t<div class=\"elementor-cta__button-wrapper elementor-cta__content-item elementor-content-item \">\n\t\t\t\t\t<span class=\"elementor-cta__button elementor-button elementor-size-\">\n\t\t\t\t\t\tDescargar\t\t\t\t\t<\/span>\n\t\t\t\t\t<\/div>\n\t\t\t\t\t\t\t<\/div>\n\t\t\t\t\t\t<\/a>\n\t\t\t\t\t\t<\/div>\n\t\t\t\t<\/div>\n\t\t\t\t<div class=\"elementor-element elementor-element-1beeb699 elementor-widget elementor-widget-spacer\" data-id=\"1beeb699\" data-element_type=\"widget\" data-widget_type=\"spacer.default\">\n\t\t\t\t<div class=\"elementor-widget-container\">\n\t\t\t\t\t\t\t<div class=\"elementor-spacer\">\n\t\t\t<div class=\"elementor-spacer-inner\"><\/div>\n\t\t<\/div>\n\t\t\t\t\t\t<\/div>\n\t\t\t\t<\/div>\n\t\t\t\t<div class=\"elementor-element elementor-element-556ccaa5 elementor-widget elementor-widget-spacer\" data-id=\"556ccaa5\" data-element_type=\"widget\" data-widget_type=\"spacer.default\">\n\t\t\t\t<div class=\"elementor-widget-container\">\n\t\t\t\t\t\t\t<div class=\"elementor-spacer\">\n\t\t\t<div class=\"elementor-spacer-inner\"><\/div>\n\t\t<\/div>\n\t\t\t\t\t\t<\/div>\n\t\t\t\t<\/div>\n\t\t\t\t<div class=\"elementor-element elementor-element-7291604f elementor-widget elementor-widget-spacer\" data-id=\"7291604f\" data-element_type=\"widget\" data-widget_type=\"spacer.default\">\n\t\t\t\t<div class=\"elementor-widget-container\">\n\t\t\t\t\t\t\t<div class=\"elementor-spacer\">\n\t\t\t<div class=\"elementor-spacer-inner\"><\/div>\n\t\t<\/div>\n\t\t\t\t\t\t<\/div>\n\t\t\t\t<\/div>\n\t\t\t\t<div class=\"elementor-element elementor-element-6ce39e6b elementor-widget elementor-widget-spacer\" data-id=\"6ce39e6b\" data-element_type=\"widget\" data-widget_type=\"spacer.default\">\n\t\t\t\t<div class=\"elementor-widget-container\">\n\t\t\t\t\t\t\t<div class=\"elementor-spacer\">\n\t\t\t<div class=\"elementor-spacer-inner\"><\/div>\n\t\t<\/div>\n\t\t\t\t\t\t<\/div>\n\t\t\t\t<\/div>\n\t\t\t\t\t<\/div>\n\t\t<\/div>\n\t\t\t\t\t<\/div>\n\t\t<\/section>\n\t\t\t\t<\/div>\n\t\t\t\t<\/div>\n\t\t\t\t\t\t<\/div>\n\t\t\t\t<\/div>\n\t\t\t\t\t<\/div>\n\t\t<\/div>\n\t\t\t\t\t<\/div>\n\t\t<\/section>\n\t\t\t\t<\/div>\n\t\t\t\t<\/div>\n\t\t\t\t\t\t<\/div>\n\t\t\t\t<\/div>\n\t\t\t\t<div class=\"elementor-element elementor-element-47d0a450 elementor-widget elementor-widget-spacer\" data-id=\"47d0a450\" data-element_type=\"widget\" data-widget_type=\"spacer.default\">\n\t\t\t\t<div class=\"elementor-widget-container\">\n\t\t\t\t\t\t\t<div class=\"elementor-spacer\">\n\t\t\t<div class=\"elementor-spacer-inner\"><\/div>\n\t\t<\/div>\n\t\t\t\t\t\t<\/div>\n\t\t\t\t<\/div>\n\t\t\t\t\t<\/div>\n\t\t<\/div>\n\t\t\t\t\t<\/div>\n\t\t<\/section>\n\t\t\t\t<\/div>\n\t\t","protected":false},"excerpt":{"rendered":"<p>La Fundaci\u00f3 b_TEC Campus Diagonal-Bes\u00f2s desenvolupa i gestiona el Campus Diagonal-Bes\u00f2s amb l\u2019objectiu de ser palanca de transformaci\u00f3 econ\u00f2mic-social de l\u2019entorn. El seu Patronat est\u00e0 format per la UPC, la Generalitat de Catalunya i les administracions locals agrupades al Consorci del Campus Diagonal-Bes\u00f2s. Est\u00e0 presidida pel rector de la Universitat Polit\u00e8cnica de Catalunya i adscrita&hellip;<\/p>\n","protected":false},"author":1,"featured_media":0,"parent":5984,"menu_order":0,"comment_status":"closed","ping_status":"closed","template":"","meta":{"footnotes":""},"class_list":["post-5986","page","type-page","status-publish","hentry"],"_links":{"self":[{"href":"https:\/\/btec.cat\/es\/wp-json\/wp\/v2\/pages\/5986","targetHints":{"allow":["GET"]}}],"collection":[{"href":"https:\/\/btec.cat\/es\/wp-json\/wp\/v2\/pages"}],"about":[{"href":"https:\/\/btec.cat\/es\/wp-json\/wp\/v2\/types\/page"}],"author":[{"embeddable":true,"href":"https:\/\/btec.cat\/es\/wp-json\/wp\/v2\/users\/1"}],"replies":[{"embeddable":true,"href":"https:\/\/btec.cat\/es\/wp-json\/wp\/v2\/comments?post=5986"}],"version-history":[{"count":1,"href":"https:\/\/btec.cat\/es\/wp-json\/wp\/v2\/pages\/5986\/revisions"}],"predecessor-version":[{"id":5987,"href":"https:\/\/btec.cat\/es\/wp-json\/wp\/v2\/pages\/5986\/revisions\/5987"}],"up":[{"embeddable":true,"href":"https:\/\/btec.cat\/es\/wp-json\/wp\/v2\/pages\/5984"}],"wp:attachment":[{"href":"https:\/\/btec.cat\/es\/wp-json\/wp\/v2\/media?parent=5986"}],"curies":[{"name":"wp","href":"https:\/\/api.w.org\/{rel}","templated":true}]}}